{"id":27,"date":"2024-10-18T15:57:02","date_gmt":"2024-10-18T15:57:02","guid":{"rendered":"https:\/\/porvoonvihreat.fi\/wp2\/?page_id=27"},"modified":"2025-01-20T16:50:01","modified_gmt":"2025-01-20T14:50:01","slug":"foreningens-stadgar","status":"publish","type":"page","link":"https:\/\/porvoonvihreat.fi\/index.php\/sv\/foreningens-stadgar\/","title":{"rendered":"F\u00f6reningens stadgar"},"content":{"rendered":"\n<p>Porvoon Vihre\u00e4t ry \u2013 De Gr\u00f6na i Borg\u00e5 rf<\/p>\n\n\n\n<p><strong>STADGAR<\/strong><\/p>\n\n\n\n<p>Godk\u00e4nda av f\u00f6reningens m\u00f6te 29.11.2017<\/p>\n\n\n\n<p><br><strong>1. <\/strong><strong>F\u00f6reningens namn<\/strong><\/p>\n\n\n\n<p>F\u00f6reningen heter Porvoon Vihre\u00e4t \u2013 De Gr\u00f6na i Borg\u00e5.<\/p>\n\n\n\n<p><strong>2. <\/strong><strong>F\u00f6reningens hemort och spr\u00e5k<\/strong><\/p>\n\n\n\n<p>F\u00f6reningens hemort \u00e4r Borg\u00e5. F\u00f6reningens spr\u00e5k \u00e4r finska och svenska.<\/p>\n\n\n\n<p><strong>3. <\/strong><strong>F\u00f6reningens syfte och verksamhet<\/strong><\/p>\n\n\n\n<p>* F\u00f6reningens syfte \u00e4r att st\u00f6dja den gr\u00f6na r\u00f6relsens verksamhet, \u00f6ka r\u00f6relsens underst\u00f6d och p\u00e5verka ekonomiska och milj\u00f6relaterade avg\u00f6randen p\u00e5 ett s\u00e4tt som f\u00f6rb\u00e4ttrar m\u00e4nniskornas livskvalitet, fr\u00e4mjar j\u00e4mlikheten, f\u00f6rb\u00e4ttrar livsmilj\u00f6ns trivsamhet, h\u00e4lsosamhet och s\u00e4kerhet och skyddar naturresurserna och naturens m\u00e5ngfald.<\/p>\n\n\n\n<p>* F\u00f6r att n\u00e5 sitt syfte g\u00f6r f\u00f6reningen f\u00f6ljande:<\/p>\n\n\n\n<p>\u2013 st\u00f6der sina medlemmars deltagande i samh\u00e4llelig p\u00e5verkan<\/p>\n\n\n\n<p>\u2013 tar st\u00e4llning i samh\u00e4llsfr\u00e5gor,<\/p>\n\n\n\n<p>\u2013 bedriver publikations- och informationsverksamhet samt har aktivt kontakt med kommuninv\u00e5narna, ordnar m\u00f6ten och publiktillst\u00e4llningar.<\/p>\n\n\n\n<p>* F\u00f6reningen tar ut medlemsavgifter av sina medlemmar och tar emot donationer och testamenten. F\u00f6reningen ordnar lotterier, basarer, insamlingar mm.<\/p>\n\n\n\n<p><strong>4. <\/strong><strong>Intr\u00e4de i f\u00f6reningen och medlemsavgift<\/strong><\/p>\n\n\n\n<p>* Som medlemmar i f\u00f6reningen kan p\u00e5 ans\u00f6kan godk\u00e4nnas finska medborgare och s\u00e5dana utl\u00e4nningar som har sin hemort i Finland och som godk\u00e4nner f\u00f6reningens syfte och stadgar. Om godk\u00e4nnande av medlem beslutar f\u00f6reningens styrelse.<\/p>\n\n\n\n<p>* Varje ansluten medlem i f\u00f6reningen \u00e4r skyldig att under varje kalender\u00e5r senast f\u00f6re utg\u00e5ngen av december till f\u00f6reningen betala en medlemsavgift, vars storlek f\u00f6reningens h\u00f6stm\u00f6te beslutar om, och av sina n\u00e4mnde- och fullm\u00e4ktigearvoden en avgift vars storlek f\u00f6reningens h\u00f6stm\u00f6te beslutar om.<\/p>\n\n\n\n<p>* Styrelsen kan p\u00e5 anh\u00e5llan befria en medlem i f\u00f6reningen fr\u00e5n att betala medlemsavgift och m\u00f6tesarvodesavgift p\u00e5 grund av sjukdom, medell\u00f6shet, arbetsl\u00f6shet eller n\u00e5gon annan motsvarande orsak.<\/p>\n\n\n\n<p>* En medlem kan uttr\u00e4da eller uteslutas ur f\u00f6reningen enligt 13 och 14 \u00a7 i f\u00f6reningslagen.<\/p>\n\n\n\n<p><strong>5. <\/strong><strong>F\u00f6reningens styrelse<\/strong><\/p>\n\n\n\n<p>* Den verkst\u00e4llande makten i f\u00f6reningen ut\u00f6vas av f\u00f6reningens styrelse, som best\u00e5r av en ordf\u00f6rande, en vice ordf\u00f6rande, en sekreterare och minst tv\u00e5 (2) och h\u00f6gst \u00e5tta (8) medlemmar, som h\u00f6stm\u00f6tet v\u00e4ljer bland f\u00f6reningens medlemmar. Styrelsens mandatperiod \u00e4r ett kalender\u00e5r.<\/p>\n\n\n\n<p>* Styrelsen \u00e4r beslutf\u00f6r, n\u00e4r minst h\u00e4lften av dess medlemmar \u2013 ordf\u00f6randen eller vice ordf\u00f6randen medr\u00e4knade \u2013 \u00e4r n\u00e4rvarande.<\/p>\n\n\n\n<p><strong>6. <\/strong><strong>Bokslut och revision<\/strong><\/p>\n\n\n\n<p>* F\u00f6reningens r\u00e4kenskapsperiod \u00e4r ett kalender\u00e5r. P\u00e5 sitt h\u00f6stm\u00f6te v\u00e4ljer f\u00f6reningen en verksamhetsgranskare och en suppleant f\u00f6r verksamhetsgranskaren f\u00f6r ett kalender\u00e5r i s\u00e4nder. Styrelsen ska \u00f6verl\u00e4mna r\u00e4kenskaperna och f\u00f6rvaltningen till verksamhetsgranskaren senast den 15 februari. Verksamhetsgranskaren ska avge en verksamhetsgranskningsber\u00e4ttelse f\u00f6re utg\u00e5ngen av februari.<\/p>\n\n\n\n<p><strong>7. <\/strong><strong>F\u00f6reningens stadgeenliga m\u00f6ten<\/strong><\/p>\n\n\n\n<p>* F\u00f6reningens stadgeenliga m\u00f6ten \u00e4r v\u00e5r- och h\u00f6stm\u00f6tet. V\u00e5rm\u00f6tet ska h\u00e5llas f\u00f6re utg\u00e5ngen av april och h\u00f6stm\u00f6tet f\u00f6re utg\u00e5ngen av november. Kallelse till f\u00f6reningens stadgeenliga m\u00f6ten skickas per e-post eller annonseras i en tidning som utkommer p\u00e5 orten.<\/p>\n\n\n\n<p><em>P\u00e5 v\u00e5rm\u00f6tet behandlas f\u00f6ljande \u00e4renden:<\/em><\/p>\n\n\n\n<p>1. val av ordf\u00f6rande, sekreterare, tv\u00e5 protokolljusterare och tv\u00e5 r\u00f6str\u00e4knare f\u00f6r m\u00f6tet<\/p>\n\n\n\n<p>2. konstaterande av m\u00f6tets laglighet och beslutf\u00f6rhet<\/p>\n\n\n\n<p>3. fastst\u00e4llande av arbetsordning f\u00f6r m\u00f6tet<\/p>\n\n\n\n<p>4. styrelsens ber\u00e4ttelse om f\u00f6reningens verksamhet under f\u00f6reg\u00e5ende kalender\u00e5r<\/p>\n\n\n\n<p>5. bokslutet f\u00f6r f\u00f6reg\u00e5ende \u00e5r och verksamhetsgranskarnas ber\u00e4ttelse \u00f6ver r\u00e4kenskaper och f\u00f6rvaltning<\/p>\n\n\n\n<p>6. fastst\u00e4llande av bokslutet och beviljande av ansvarsfrihet f\u00f6r styrelsen och \u00f6vriga ansvarsskyldiga<\/p>\n\n\n\n<p>7. \u00f6vriga \u00e4renden som inom utsatt tid enligt stadgarna framst\u00e4llts f\u00f6r m\u00f6tet.<\/p>\n\n\n\n<p><em>P\u00e5 h\u00f6stm\u00f6tet behandlas f\u00f6ljande \u00e4renden:<\/em><\/p>\n\n\n\n<p>1. val av ordf\u00f6rande, sekreterare, tv\u00e5 protokolljusterare och tv\u00e5 r\u00f6str\u00e4knare f\u00f6r m\u00f6tet<\/p>\n\n\n\n<p>2. konstaterande av m\u00f6tets laglighet och beslutf\u00f6rhet<\/p>\n\n\n\n<p>3. fastst\u00e4llande av arbetsordning f\u00f6r m\u00f6tet<\/p>\n\n\n\n<p>4. val av ordf\u00f6rande, vice ordf\u00f6rande och sekreterare f\u00f6r styrelsen samt stadgeenligt antal \u00f6vriga styrelsemedlemmar bland f\u00f6reningens medlemmar<\/p>\n\n\n\n<p>5. val av kass\u00f6r f\u00f6r f\u00f6reningen f\u00f6r f\u00f6ljande kalender\u00e5r<\/p>\n\n\n\n<p>6. val av en verksamhetsgranskare och en suppleant f\u00f6r verksamhetsgranskaren f\u00f6r f\u00f6reningen f\u00f6r f\u00f6ljande kalender\u00e5r<\/p>\n\n\n\n<p><a><\/a>7. f\u00f6reningens budget och verksamhetsplan f\u00f6r f\u00f6ljande \u00e5r<\/p>\n\n\n\n<p>8. beslut om medlemsavgiftens och m\u00f6tesarvodesavgiftens belopp<\/p>\n\n\n\n<p>9. \u00f6vriga \u00e4renden som inom utsatt tid enligt stadgarna framst\u00e4llts f\u00f6r m\u00f6tet.<\/p>\n\n\n\n<p>Ett \u00e4rende som n\u00e5gon vill ta upp till behandling p\u00e5 f\u00f6reningens v\u00e5r- eller h\u00f6stm\u00f6te ska framst\u00e4llas f\u00f6r f\u00f6reningens styrelse en vecka f\u00f6re m\u00f6tesdagen.<\/p>\n\n\n\n<p><strong>8. <\/strong><strong>Sammankallande av f\u00f6reningen<\/strong><\/p>\n\n\n\n<p>Stadgeenliga m\u00f6ten ska sammankallas minst tv\u00e5 veckor i f\u00f6rv\u00e4g per e-post eller en annons i en tidning som utkommer p\u00e5 orten och som h\u00f6stm\u00f6tet best\u00e4mmer om. Ett extra m\u00f6te ska sammankallas minst en vecka i f\u00f6rv\u00e4g p\u00e5 samma s\u00e4tt. I \u00f6vrigt f\u00f6ljs best\u00e4mmelserna i 20 \u00a7 i f\u00f6reningslagen.<\/p>\n\n\n\n<p><strong>9. <\/strong><strong>Tecknande av f\u00f6reningens namn<\/strong><\/p>\n\n\n\n<p>F\u00f6reningens namn tecknas av ordf\u00f6randen och vice ordf\u00f6randen samt de personer som styrelsen utser, tv\u00e5 tillsammans.<\/p>\n\n\n\n<p><strong>10. <\/strong><strong>R\u00e4tt att anv\u00e4nda konto<\/strong><\/p>\n\n\n\n<p>R\u00e4tt att anv\u00e4nda f\u00f6reningens konto har kass\u00f6ren och, p\u00e5 det s\u00e4tt som styrelsen beslutar, \u00f6vriga funktion\u00e4rer.<\/p>\n\n\n\n<p><strong>11. <\/strong><strong>Uppl\u00f6sning av f\u00f6reningen<\/strong><\/p>\n\n\n\n<p>F\u00f6reningen kan uppl\u00f6sas, om det har n\u00e4mnts i m\u00f6teskallelsen och mer \u00e4n 2\/3 av de p\u00e5 f\u00f6reningens m\u00f6te avgivna r\u00f6sterna underst\u00f6der en uppl\u00f6sning. I det m\u00f6te d\u00e4r beslutet om uppl\u00f6sning av f\u00f6reningen fattas ska det ocks\u00e5 beslutas om hur man g\u00e5r till v\u00e4ga med f\u00f6reningens medel och \u00e5taganden och vem som ska s\u00f6rja f\u00f6r likvidationen av dem. F\u00f6reningens medel ska anv\u00e4ndas f\u00f6r \u00e4ndam\u00e5l som n\u00e4mns i punkt 3 i dessa stadgar.<\/p>\n\n\n\n<p><strong>12. <\/strong><strong>\u00d6vriga best\u00e4mmelser<\/strong><\/p>\n\n\n\n<p>I \u00f6vrigt f\u00f6ljs best\u00e4mmelserna i f\u00f6reningslagen i f\u00f6reningens verksamhet.<\/p>\n","protected":false},"excerpt":{"rendered":"<p>Porvoon Vihre\u00e4t ry \u2013 De Gr\u00f6na i Borg\u00e5 rf STADGAR Godk\u00e4nda av f\u00f6reningens m\u00f6te 29.11.2017 1. F\u00f6reningens namn F\u00f6reningen heter Porvoon Vihre\u00e4t \u2013 De Gr\u00f6na i Borg\u00e5. 2. F\u00f6reningens hemort och spr\u00e5k F\u00f6reningens hemort \u00e4r Borg\u00e5. F\u00f6reningens spr\u00e5k \u00e4r finska och svenska. 3. F\u00f6reningens syfte och verksamhet * F\u00f6reningens syfte \u00e4r att st\u00f6dja den gr\u00f6na [&hellip;]<\/p>\n","protected":false},"author":4,"featured_media":0,"parent":0,"menu_order":0,"comment_status":"closed","ping_status":"closed","template":"","meta":{"footnotes":""},"class_list":["post-27","page","type-page","status-publish","hentry"],"_links":{"self":[{"href":"https:\/\/porvoonvihreat.fi\/index.php\/wp-json\/wp\/v2\/pages\/27","targetHints":{"allow":["GET"]}}],"collection":[{"href":"https:\/\/porvoonvihreat.fi\/index.php\/wp-json\/wp\/v2\/pages"}],"about":[{"href":"https:\/\/porvoonvihreat.fi\/index.php\/wp-json\/wp\/v2\/types\/page"}],"author":[{"embeddable":true,"href":"https:\/\/porvoonvihreat.fi\/index.php\/wp-json\/wp\/v2\/users\/4"}],"replies":[{"embeddable":true,"href":"https:\/\/porvoonvihreat.fi\/index.php\/wp-json\/wp\/v2\/comments?post=27"}],"version-history":[{"count":2,"href":"https:\/\/porvoonvihreat.fi\/index.php\/wp-json\/wp\/v2\/pages\/27\/revisions"}],"predecessor-version":[{"id":206,"href":"https:\/\/porvoonvihreat.fi\/index.php\/wp-json\/wp\/v2\/pages\/27\/revisions\/206"}],"wp:attachment":[{"href":"https:\/\/porvoonvihreat.fi\/index.php\/wp-json\/wp\/v2\/media?parent=27"}],"curies":[{"name":"wp","href":"https:\/\/api.w.org\/{rel}","templated":true}]}}